{"id":1357,"date":"2026-03-26T08:27:41","date_gmt":"2026-03-26T08:27:41","guid":{"rendered":"https:\/\/radiofestivaali.fi\/?page_id=1357"},"modified":"2026-04-13T14:47:32","modified_gmt":"2026-04-13T14:47:32","slug":"aikataulut","status":"publish","type":"page","link":"https:\/\/radiofestivaali.fi\/?page_id=1357","title":{"rendered":"Aikataulut"},"content":{"rendered":"\n<h2 class=\"wp-block-heading\">Keskiviikko 22.4.<\/h2>\n\n\n\n<p>Kulttuurikeskus Stoa, Musiikkisali<\/p>\n\n\n\n<p>Klo 17-19 PodiKlubi<\/p>\n\n\n\n<h2 class=\"wp-block-heading\">Torstai 23.4.<\/h2>\n\n\n\n<p>Laajasalon opisto<\/p>\n\n\n\n<p>Klo 10 P\u00e4iv\u00e4n aloitus ja alkusanat<\/p>\n\n\n\n<p>Yleisen podcast-sarjan tuomaristo esitt\u00e4ytyy<\/p>\n\n\n\n<p><strong>Ammattilaiset<\/strong><\/p>\n\n\n\n<p><strong>Tuulen tiell\u00e4<\/strong><\/p>\n\n\n\n<p><strong>Sommelier<\/strong><\/p>\n\n\n\n<p><strong>Aisti K\u00e4vely<\/strong><\/p>\n\n\n\n<p><strong>Jatkopaine<\/strong><\/p>\n\n\n\n<p><em>Tauko<\/em><\/p>\n\n\n\n<p>Opiskelijoiden podcast-sarjan tuomaristo esitt\u00e4ytyy<\/p>\n\n\n\n<p><strong>Kaksin kaaoksessa<\/strong><\/p>\n\n\n\n<p><strong>Alastair Krohlholmin Oudot P\u00e4iv\u00e4t<\/strong><\/p>\n\n\n\n<p><strong>Terveisi\u00e4 La Planchasta!<\/strong><\/p>\n\n\n\n<p><strong>TV-alan oudot ty\u00f6teht\u00e4v\u00e4t<\/strong><\/p>\n\n\n\n<p><strong>Tulevaisuus ja nykyp\u00e4iv\u00e4 -podcast<\/strong><\/p>\n\n\n\n<p><em>Lounastauko<\/em><\/p>\n\n\n\n<p>Klo 13 Mestariluento<\/p>\n\n\n\n<p>Klo 13.45 Podcast-sarjojen palkitsemiset<\/p>\n\n\n\n<p>Klo 14 Juontajasarja<\/p>\n\n\n\n<p>Alkusanat<\/p>\n\n\n\n<p>Juontajasarjan tuomaristo esitt\u00e4ytyy<\/p>\n\n\n\n<p><strong>Sanni Pennanen<\/strong><\/p>\n\n\n\n<p><strong>Birgitta Taussi<\/strong><\/p>\n\n\n\n<p><strong>Kalle Niininen<\/strong><\/p>\n\n\n\n<p><strong>Roni Lindstr\u00f6m<\/strong><\/p>\n\n\n\n<p><strong>Karl-Gustav Kurn<\/strong><\/p>\n\n\n\n<p><em>Tauko<\/em><\/p>\n\n\n\n<p>Klo 15.30 Mestariluento<\/p>\n\n\n\n<p>Klo 16 Juontajasarjan palaute ja palkitsemiset<\/p>\n\n\n\n<p>Klo 17-19 Radiofestivaalien Iltabileet (Laajasalon VPK)<\/p>\n\n\n\n<h2 class=\"wp-block-heading\">Perjantai 24.4.<\/h2>\n\n\n\n<p>Taide- ja kulttuurivirasto, 6 krs.<\/p>\n\n\n\n<p>Klo 10 P\u00e4iv\u00e4n aloitus ja alkusanat<\/p>\n\n\n\n<p>Dokumenttisarjan tuomaristo esitt\u00e4ytyy<\/p>\n\n\n\n<p><strong>Loppuel\u00e4m\u00e4n duuni<\/strong><\/p>\n\n\n\n<p><strong>Rakkausjuttuja<\/strong><\/p>\n\n\n\n<p><strong>Saaressa<\/strong><\/p>\n\n\n\n<p><strong>Tulet kuolemaan \u2013 kaikki j\u00e4rki el\u00e4\u00e4 nyt<\/strong><\/p>\n\n\n\n<p><strong>Aliisa \u2013 Ylpe\u00e4sti min\u00e4<\/strong><\/p>\n\n\n\n<p><em>Tauko<\/em><\/p>\n\n\n\n<p><strong>Min\u00e4 jatkoajalla<\/strong><\/p>\n\n\n\n<p><strong>P\u00e4\u00e4stin vihdoinkin irti<\/strong><\/p>\n\n\n\n<p><strong>Kasvissy\u00f6j\u00e4st\u00e4 mets\u00e4st\u00e4j\u00e4ksi<\/strong><\/p>\n\n\n\n<p><strong>Kun potilas kuolee<\/strong><\/p>\n\n\n\n<p><strong>Viimeiset sanani Lauralle<\/strong><\/p>\n\n\n\n<p><strong>Live<\/strong><\/p>\n\n\n\n<p><em>Lounastauko<\/em><\/p>\n\n\n\n<p>Klo 14 Mestariluento<\/p>\n\n\n\n<p>Klo 14.45 Dokumenttisarjan palkitsemiset<\/p>\n\n\n\n<p>Klo 15.30 P\u00e4iv\u00e4n p\u00e4\u00e4t\u00f6s<\/p>\n","protected":false},"excerpt":{"rendered":"<p>Keskiviikko 22.4. Kulttuurikeskus Stoa, Musiikkisali Klo 17-19 PodiKlubi Torstai 23.4. Laajasalon opisto Klo 10 P\u00e4iv\u00e4n aloitus ja alkusanat Yleisen podcast-sarjan tuomaristo esitt\u00e4ytyy Ammattilaiset Tuulen tiell\u00e4 Sommelier Aisti K\u00e4vely Jatkopaine Tauko Opiskelijoiden podcast-sarjan tuomaristo esitt\u00e4ytyy Kaksin kaaoksessa Alastair Krohlholmin Oudot P\u00e4iv\u00e4t Terveisi\u00e4 La Planchasta! TV-alan oudot ty\u00f6teht\u00e4v\u00e4t Tulevaisuus ja nykyp\u00e4iv\u00e4 -podcast Lounastauko Klo 13 Mestariluento Klo [&hellip;]<\/p>\n","protected":false},"author":1,"featured_media":0,"parent":482,"menu_order":0,"comment_status":"closed","ping_status":"closed","template":"","meta":{"footnotes":""},"class_list":["post-1357","page","type-page","status-publish","hentry"],"_links":{"self":[{"href":"https:\/\/radiofestivaali.fi\/index.php?rest_route=\/wp\/v2\/pages\/1357","targetHints":{"allow":["GET"]}}],"collection":[{"href":"https:\/\/radiofestivaali.fi\/index.php?rest_route=\/wp\/v2\/pages"}],"about":[{"href":"https:\/\/radiofestivaali.fi\/index.php?rest_route=\/wp\/v2\/types\/page"}],"author":[{"embeddable":true,"href":"https:\/\/radiofestivaali.fi\/index.php?rest_route=\/wp\/v2\/users\/1"}],"replies":[{"embeddable":true,"href":"https:\/\/radiofestivaali.fi\/index.php?rest_route=%2Fwp%2Fv2%2Fcomments&post=1357"}],"version-history":[{"count":5,"href":"https:\/\/radiofestivaali.fi\/index.php?rest_route=\/wp\/v2\/pages\/1357\/revisions"}],"predecessor-version":[{"id":1396,"href":"https:\/\/radiofestivaali.fi\/index.php?rest_route=\/wp\/v2\/pages\/1357\/revisions\/1396"}],"up":[{"embeddable":true,"href":"https:\/\/radiofestivaali.fi\/index.php?rest_route=\/wp\/v2\/pages\/482"}],"wp:attachment":[{"href":"https:\/\/radiofestivaali.fi\/index.php?rest_route=%2Fwp%2Fv2%2Fmedia&parent=1357"}],"curies":[{"name":"wp","href":"https:\/\/api.w.org\/{rel}","templated":true}]}}