{"id":41,"date":"2016-11-15T20:43:42","date_gmt":"2016-11-15T18:43:42","guid":{"rendered":"http:\/\/localhost:8888\/?page_id=41"},"modified":"2026-04-07T07:42:33","modified_gmt":"2026-04-07T07:42:33","slug":"saannot","status":"publish","type":"page","link":"https:\/\/radiofestivaali.fi\/?page_id=41","title":{"rendered":"S\u00e4\u00e4nn\u00f6t 2026"},"content":{"rendered":"\n<h2 class=\"wp-block-heading has-black-color has-text-color has-link-color wp-elements-3b70f76ed7463e6457a2086f1e5ee908\"><strong>1. Kilpailusarjat<\/strong><\/h2>\n\n\n\n<ul class=\"wp-block-list\">\n<li class=\"has-black-color has-text-color has-link-color wp-elements-23ac48b39ea3131ab204d307434d8f6d\">Vuoden 2026 Radiofestivaalilla on kolme kilpailusarjaa: dokumenttisarja, juontajakilpailu ja podcast-sarja, jossa on kaksi alasarjaa (Opiskelija ja Yleinen).<\/li>\n\n\n\n<li>Dokumenttisarjaan ja juontajakilpailuun voi osallistua ainoastaan media-alaa opiskelevat kansanopiston, ammattikorkeakoulun, yliopiston, toisen asteen koulutuksen tai mediapajatoiminnan kautta.<\/li>\n\n\n\n<li>Podcast-sarjassa on kaksi alasarjaa: Opiskelija- ja kaikille avoin Yleinen-sarja. J\u00e4lkimm\u00e4iseen toivomme kilpailut\u00f6it\u00e4 kaikilta \u00e4\u00e4nikerronnasta kiinnostuneilta.<\/li>\n\n\n\n<li>Osallistujan tulee merkit\u00e4 selv\u00e4sti, mihin sarjaan teos ilmoitetaan.&nbsp;<\/li>\n\n\n\n<li>Festivaalin j\u00e4rjest\u00e4j\u00e4 pid\u00e4tt\u00e4\u00e4 oikeuden esikarsintaan eli kunkin sarjan loppukilpailut\u00f6iden m\u00e4\u00e4r\u00e4n rajoittamiseen sek\u00e4 oikeuden p\u00e4\u00e4tt\u00e4\u00e4 kiistanalaisista sarjatulkinnoista.&nbsp;<\/li>\n\n\n\n<li>Aiemmin Radiofestivaalin kilpailusarjoihin osallistunutta teosta ei voi ilmoittaa uudelleen mukaan kilpailusarjoihin.<\/li>\n\n\n\n<li>Esiraati valitsee kilpailusarjojen finalistit.<\/li>\n\n\n\n<li>Ilmoittautuminen vuoden 2026 Radiofestivaalin kilpailusarjoihin alkaa maanantaina 9.3.2026 ja t\u00f6iden viimeinen toimittamisp\u00e4iv\u00e4 on tiistaina 31.3.2026.&nbsp;<\/li>\n\n\n\n<li class=\"has-black-color has-text-color has-link-color wp-elements-c8d25cf2b6ffa4f1871806b222bd9319\">Finalisteille ilmoitetaan jatkoon p\u00e4\u00e4syst\u00e4 perjantaihin 10.4.2026 menness\u00e4.<\/li>\n<\/ul>\n\n\n\n<figure class=\"wp-block-image size-large\"><img loading=\"lazy\" decoding=\"async\" width=\"1024\" height=\"213\" src=\"https:\/\/radiofestivaali.fi\/wp-content\/uploads\/2026\/01\/DOKUMENTTI-1-1024x213.png\" alt=\"Dokumenttisarja\" class=\"wp-image-1326\" srcset=\"https:\/\/radiofestivaali.fi\/wp-content\/uploads\/2026\/01\/DOKUMENTTI-1-1024x213.png 1024w, https:\/\/radiofestivaali.fi\/wp-content\/uploads\/2026\/01\/DOKUMENTTI-1-300x63.png 300w, https:\/\/radiofestivaali.fi\/wp-content\/uploads\/2026\/01\/DOKUMENTTI-1-768x160.png 768w, https:\/\/radiofestivaali.fi\/wp-content\/uploads\/2026\/01\/DOKUMENTTI-1-1536x320.png 1536w, https:\/\/radiofestivaali.fi\/wp-content\/uploads\/2026\/01\/DOKUMENTTI-1-2048x427.png 2048w\" sizes=\"auto, (max-width: 1024px) 100vw, 1024px\" \/><\/figure>\n\n\n\n<ul class=\"wp-block-list\">\n<li class=\"has-black-color has-text-color has-link-color wp-elements-cf433a8ab1dcf9afe9507bbd6fa69165\">Vapaa aihevalinta. Pituus korkeintaan 10 minuuttia, ei alarajaa. Teoksen on oltava valmis ohjelma ja kilpailuty\u00f6ll\u00e4 on oltava otsikko.<\/li>\n\n\n\n<li>Dokumenttisarjaan voi osallistua ainoastaan kansanopiston, ammattikorkeakoulun, yliopiston, toisen asteen koulutuksen tai mediapajatoiminnan kautta.<\/li>\n\n\n\n<li>Dokumenttisarjaan voi osallistua vain sellaisilla teoksilla, jotka on toteutettu opintojen yhteydess\u00e4 aikav\u00e4lill\u00e4 31.3.2025-31.3.2026. Jos kilpailusarjaan ilmoitettu teos on jo julkaistu, on teoksen liittyminen opintoihin tai mediapajatoimintaan selv\u00e4sti osoitettava.<\/li>\n\n\n\n<li class=\"has-black-color has-text-color has-link-color wp-elements-404c1a4a40c1abd028f5b75495aade12\">Esiraati valitsee kilpailusarjan finalistit.<\/li>\n<\/ul>\n\n\n\n<figure class=\"wp-block-image size-large\"><img loading=\"lazy\" decoding=\"async\" width=\"1024\" height=\"213\" src=\"https:\/\/radiofestivaali.fi\/wp-content\/uploads\/2026\/01\/JUONTAJA-1-1024x213.png\" alt=\"Juontaja-sarja\" class=\"wp-image-1327\" srcset=\"https:\/\/radiofestivaali.fi\/wp-content\/uploads\/2026\/01\/JUONTAJA-1-1024x213.png 1024w, https:\/\/radiofestivaali.fi\/wp-content\/uploads\/2026\/01\/JUONTAJA-1-300x63.png 300w, https:\/\/radiofestivaali.fi\/wp-content\/uploads\/2026\/01\/JUONTAJA-1-768x160.png 768w, https:\/\/radiofestivaali.fi\/wp-content\/uploads\/2026\/01\/JUONTAJA-1-1536x320.png 1536w, https:\/\/radiofestivaali.fi\/wp-content\/uploads\/2026\/01\/JUONTAJA-1-2048x427.png 2048w\" sizes=\"auto, (max-width: 1024px) 100vw, 1024px\" \/><\/figure>\n\n\n\n<ul class=\"wp-block-list\">\n<li class=\"has-black-color has-text-color has-link-color wp-elements-48ea3797614deea2598ed072abcee636\">Kilpailuun ilmoittaudutaan demolla, jonka tulee olla valtakunnalliselle nuorten aikuisten radiokanavalle suunnattu. Kaikkien demoon sis\u00e4ltyvien \u00e4\u00e4nielementtien (tunnukset, jinglet, musiikki yms.) sis\u00e4ll\u00f6n ja k\u00e4ytt\u00f6tavan tulee sopia annettuun kanavam\u00e4\u00e4ritelm\u00e4\u00e4n.<\/li>\n\n\n\n<li>Demoon tulee sis\u00e4lty\u00e4 kolme puhejaksoa eli spiikki\u00e4, joista yksi voi olla haastattelu:\n<ul class=\"wp-block-list\">\n<li>ajankohtainen aihe<\/li>\n\n\n\n<li>popkulttuuria k\u00e4sittelev\u00e4 aihe<\/li>\n\n\n\n<li>vapaavalintainen aihe, joka kiinnostaa kohdeyleis\u00f6\u00e4 ja on kiinni t\u00e4ss\u00e4 ajassa<\/li>\n<\/ul>\n<\/li>\n\n\n\n<li>Puheosuuksien yhteenlaskettu pituus saa olla korkeintaan 10 minuuttia.<\/li>\n\n\n\n<li>Juontajakilpailuun voi osallistua ainoastaan kansanopiston, ammattikorkeakoulun, yliopiston, toisen asteen koulutuksen tai mediapajatoiminnan kautta.<\/li>\n\n\n\n<li>Finaaliin valitaan esikarsinnan perusteella korkeintaan viisi osallistujaa.&nbsp;<\/li>\n\n\n\n<li class=\"has-black-color has-text-color has-link-color wp-elements-8a4e82e04c055eef51743cca2c75e146\">Finaalissa kilpailijat juontavat 15 minuutin osuuden suorassa l\u00e4hetyksess\u00e4. Kilpailijat saavat k\u00e4ytt\u00f6\u00f6ns\u00e4 valmiin soittolistan. Kilpailijat saavat tarkemman ohjeistuksen finaalin sis\u00e4ll\u00f6ist\u00e4 hyviss\u00e4 ajoin ennen finaalip\u00e4iv\u00e4\u00e4. Kilpailijat saavat perehdytyksen studiotekniikan ja l\u00e4hetysj\u00e4rjestelm\u00e4n k\u00e4ytt\u00f6\u00f6n ennen juontajakilpailua.<\/li>\n<\/ul>\n\n\n\n<figure class=\"wp-block-image size-large\"><img loading=\"lazy\" decoding=\"async\" width=\"1024\" height=\"213\" src=\"https:\/\/radiofestivaali.fi\/wp-content\/uploads\/2026\/01\/PODCAST-1-1024x213.png\" alt=\"Podcast-sarja\" class=\"wp-image-1329\" srcset=\"https:\/\/radiofestivaali.fi\/wp-content\/uploads\/2026\/01\/PODCAST-1-1024x213.png 1024w, https:\/\/radiofestivaali.fi\/wp-content\/uploads\/2026\/01\/PODCAST-1-300x63.png 300w, https:\/\/radiofestivaali.fi\/wp-content\/uploads\/2026\/01\/PODCAST-1-768x160.png 768w, https:\/\/radiofestivaali.fi\/wp-content\/uploads\/2026\/01\/PODCAST-1-1536x320.png 1536w, https:\/\/radiofestivaali.fi\/wp-content\/uploads\/2026\/01\/PODCAST-1-2048x427.png 2048w\" sizes=\"auto, (max-width: 1024px) 100vw, 1024px\" \/><\/figure>\n\n\n\n<h2 class=\"wp-block-heading\">Opiskelijasarja<\/h2>\n\n\n\n<ul class=\"wp-block-list\">\n<li class=\"has-black-color has-text-color has-link-color wp-elements-24af7c3c31cd9d3465a7a9bb99be6bc8\">Podcast on yhteen aiheeseen tai aihepiiriin keskittyv\u00e4 ohjelmasarja tai audiodraama on-demand \u2013levityst\u00e4 varten.<\/li>\n\n\n\n<li>Vapaa aihevalinta. Pituus 3-7 min<\/li>\n\n\n\n<li>Kilpailuun osallistutaan sarjan yhdell\u00e4 jaksolla tai n\u00e4ytteell\u00e4 siit\u00e4. Sarjan ei tarvitse olla valmis.&nbsp;<\/li>\n\n\n\n<li>Toimita my\u00f6s podcastin konseptin kirjallinen sis\u00e4lt\u00f6kuvaus (korkeintaan 1000 merkki\u00e4). Laadi sis\u00e4lt\u00f6kuvaus siten, ett\u00e4 sen voisi julkaista sellaisenaan podcastin yhteydess\u00e4 tai markkinointimateriaalina. My\u00f6s sarjan sis\u00e4lt\u00f6kuvaus arvioidaan osana kokonaisuutta. Muista merkit\u00e4 kilpailuty\u00f6lle otsikko.&nbsp;<\/li>\n\n\n\n<li>Ty\u00f6 voi sis\u00e4lt\u00e4\u00e4 my\u00f6s draamallista toteutusta.<\/li>\n\n\n\n<li>Ty\u00f6ss\u00e4 voi k\u00e4ytt\u00e4\u00e4 \u00e4\u00e4nitehosteita, mutta ei Teosto- tai Gramex-suojattua musiikkia.<\/li>\n\n\n\n<li>Sarjaan voi osallistua ainoastaan kansanopiston, ammattikorkeakoulun, yliopiston, toisen asteen koulutuksen tai mediapajatoiminnan kautta.<\/li>\n\n\n\n<li>Sarjaan voi osallistua vain sellaisilla teoksilla, jotka on toteutettu opintojen yhteydess\u00e4 aikav\u00e4lill\u00e4 31.3.2025-31.3.2026. Jos kilpailusarjaan ilmoitettu teos on jo julkaistu, on teoksen liittyminen opintoihin tai mediapajatoimintaan selv\u00e4sti osoitettava.<\/li>\n\n\n\n<li class=\"has-black-color has-text-color has-link-color wp-elements-3e76392eba251f2e37a0def697269419\">Esiraati valitsee sarjan finalistit.<\/li>\n<\/ul>\n\n\n\n<h2 class=\"wp-block-heading\">Yleinen sarja<\/h2>\n\n\n\n<ul class=\"wp-block-list\">\n<li class=\"has-black-color has-text-color has-link-color wp-elements-e85b7dedb1ca7ab84bd30fc671afb99e\">Podcast on yhteen aiheeseen tai aihepiiriin keskittyv\u00e4 ohjelmasarja tai audiodraama on-demand -levityst\u00e4 varten.&nbsp;<\/li>\n\n\n\n<li>Vapaa aihevalinta. Pituus 3-7 min.<\/li>\n\n\n\n<li>Kilpailuun osallistutaan sarjan yhdell\u00e4 jaksolla tai n\u00e4ytteell\u00e4 siit\u00e4. Sarjan ei tarvitse olla valmis.&nbsp;<\/li>\n\n\n\n<li>Toimita my\u00f6s podcastin konseptin kirjallinen sis\u00e4lt\u00f6kuvaus (korkeintaan 1000 merkki\u00e4). Laadi sis\u00e4lt\u00f6kuvaus siten, ett\u00e4 sen voisi julkaista sellaisenaan podcastin yhteydess\u00e4 tai markkinointimateriaalina. My\u00f6s sarjan sis\u00e4lt\u00f6kuvaus arvioidaan osana kokonaisuutta. Muista merkit\u00e4 kilpailuty\u00f6lle otsikko.<\/li>\n\n\n\n<li>Ty\u00f6ss\u00e4 voi k\u00e4ytt\u00e4\u00e4 \u00e4\u00e4nitehosteita, mutta ei Teosto- tai Gramex-suojattua musiikkia.<\/li>\n\n\n\n<li>Podcast-sarjaan voivat osallistua kaikki, mutta kilpailuun ilmoitettujen podcastien tulee olla tehty 31.3.2025-31.3.2026 v\u00e4lill\u00e4.<\/li>\n\n\n\n<li>Kilpailu on tarkoitettu itsen\u00e4isesti tuotetuille, ei-kaupallisille podcasteille. Osallistua ei voi podcasteilla, joiden tuotannosta on maksettu tai vastaanotettu palkkiota, rahoitusta, sponsorointia tai muuta taloudellista korvausta.<\/li>\n\n\n\n<li class=\"has-black-color has-text-color has-link-color wp-elements-3e76392eba251f2e37a0def697269419\">Esiraati valitsee sarjan finalistit.<\/li>\n<\/ul>\n\n\n\n<h2 class=\"wp-block-heading has-black-color has-text-color has-link-color wp-elements-998b1bdc5063081e5f02ad44b25cfd74\"><strong>2. Kieli<\/strong><\/h2>\n\n\n\n<ul class=\"wp-block-list\">\n<li class=\"has-black-color has-text-color has-link-color wp-elements-a6f0f274fe21dffc944ba7e14ecbb1d1\">Muiden kuin suomen- ja ruotsinkielisten t\u00f6iden mukana tulee toimittaa suomennos tekstimuodossa.<\/li>\n<\/ul>\n\n\n\n<h2 class=\"wp-block-heading has-black-color has-text-color has-link-color wp-elements-ec48edbf3df4d0d3ba246ee89b41a422\"><strong>3. Palkinnot<\/strong><\/h2>\n\n\n\n<ul class=\"wp-block-list\">\n<li class=\"has-black-color has-text-color has-link-color wp-elements-18802351d02ed017d2f76cb081b6dd9a\">Dokumentti-, juontaja- ja molemmissa podcast-sarjoissa teoksista valitaan kunkin sarjan voittaja, jolle my\u00f6nnet\u00e4\u00e4n ensimm\u00e4inen palkinto.<\/li>\n\n\n\n<li class=\"has-black-color has-text-color has-link-color wp-elements-4ab6f4f4078d6eff3335315810790971\">Jokaisessa sarjassa my\u00f6nnet\u00e4\u00e4n lis\u00e4ksi yksi tai kaksi kunniamainintaa.<\/li>\n<\/ul>\n\n\n\n<h2 class=\"wp-block-heading has-black-color has-text-color has-link-color wp-elements-8e244efeaf25aa3f671915aad25e6148\"><strong>4. Tuomaristo ja t\u00f6iden kuuntelu<\/strong><\/h2>\n\n\n\n<ul class=\"wp-block-list\">\n<li class=\"has-black-color has-text-color has-link-color wp-elements-1168201e4a57f8ee56f91eee1960d808\">Tuomareina toimivat media-alan ammattilaiset ja opiskelijat.<\/li>\n\n\n\n<li>Kilpailuohjelmien kuuntelu tapahtuu festivaalin aikana. Sarjojen tuomaristo ei kuule ohjelmia etuk\u00e4teen. Kuunteluiden lomassa pidet\u00e4\u00e4n ohjelmia arvioivia avoimia keskusteluja ja annetaan t\u00f6ist\u00e4 palautetta.<\/li>\n\n\n\n<li class=\"has-black-color has-text-color has-link-color wp-elements-bb4f36ba8f3c542ff3bc66fd916d2cb0\">Kilpailut\u00f6iden valinnan tekee esiraati, jonka osallistujat valitsee festivaalin j\u00e4rjest\u00e4j\u00e4t.<\/li>\n<\/ul>\n\n\n\n<h2 class=\"wp-block-heading has-black-color has-text-color has-link-color wp-elements-f4469d11ea0a9d9b91c5d92f89fbc540\"><strong>5. Osallistujam\u00e4\u00e4r\u00e4<\/strong><\/h2>\n\n\n\n<ul class=\"wp-block-list\">\n<li class=\"has-black-color has-text-color has-link-color wp-elements-2d0693c1edc883967a75f4ac3139ed73\">Kilpailija voi osallistua kuhunkin sarjaan yhdell\u00e4 ty\u00f6ll\u00e4.&nbsp;<\/li>\n\n\n\n<li class=\"has-black-color has-text-color has-link-color wp-elements-6c683a61fbcaaf3bb58657082359d1ae\">Tiimity\u00f6n\u00e4 toteutetuissa teoksissa voi olla tekij\u00f6in\u00e4 samoja henkil\u00f6it\u00e4.<\/li>\n<\/ul>\n\n\n\n<h2 class=\"wp-block-heading has-black-color has-text-color has-link-color wp-elements-9d04ceb8ef6948284fcb50c843c126cb\"><strong>6. Formaatit<\/strong><\/h2>\n\n\n\n<ul class=\"wp-block-list\">\n<li class=\"has-black-color has-text-color has-link-color wp-elements-3c49f4048b2a7793d3f3e13d3e6a1dcb\">Kilpailut\u00f6iden tallennusformaatit\n<ul class=\"wp-block-list\">\n<li>WAV (48000 Hz, 16 bit stereo)<\/li>\n\n\n\n<li>MP3 (48000 Hz, v\u00e4hint\u00e4\u00e4n 256 kbps, joint stereo tai stereo)<\/li>\n<\/ul>\n<\/li>\n\n\n\n<li class=\"has-black-color has-text-color has-link-color wp-elements-8065c8b5d69335fb975d323d7e42e4e8\">Nime\u00e4 tiedosto seuraavasti: Sarja_Etunimi_Sukunimi_Otsikko.<\/li>\n<\/ul>\n\n\n\n<h2 class=\"wp-block-heading has-black-color has-text-color has-link-color wp-elements-21a3f2455e1121dee19d97ddc8508e16\"><strong>7. Osallistuminen<\/strong><\/h2>\n\n\n\n<ul class=\"wp-block-list\">\n<li class=\"has-black-color has-text-color has-link-color wp-elements-f2b37bbc2e1aa7507dcb6d10d52b14ea\">Ilmoittautuminen kilpailusarjoihin tapahtuu aikav\u00e4lill\u00e4 ma 9.3. &#8211; ti 31.3.2026 s\u00e4hk\u00f6isell\u00e4 lomakkeella.<\/li>\n\n\n\n<li>Ilmoittaudu vasta, kun ty\u00f6si on valmis.&nbsp;<\/li>\n\n\n\n<li>L\u00e4het\u00e4 latauslinkki ilmoittautumisesi yhteydess\u00e4.&nbsp;&nbsp;<\/li>\n\n\n\n<li class=\"has-black-color has-text-color has-link-color wp-elements-f15a096c791776a7e4331f8eaf0f7f44\">Varmista, ett\u00e4 tiedoston oikeudet mahdollistavat kilpailuty\u00f6n lataamisen.<\/li>\n<\/ul>\n\n\n\n<h2 class=\"wp-block-heading has-black-color has-text-color has-link-color wp-elements-f2aea28f37de7522e302caaff5404489\"><strong>8. Tekij\u00e4noikeudet<\/strong><\/h2>\n\n\n\n<ul class=\"wp-block-list\">\n<li class=\"has-black-color has-text-color has-link-color wp-elements-f96958eb6928fd68d6b9f99fdaa65177\">Radiofestivaali pid\u00e4tt\u00e4\u00e4 oikeuden esitt\u00e4\u00e4 kilpailut\u00f6it\u00e4 festivaalin omilla jakelukanavilla (radiofestivaali.fi, Radiofestivaalin somekanavat, YouTube, SoundCloud sek\u00e4 muut mahdolliset kanavat), \u00c4\u00e4nipolku ry:n&nbsp; vastaavilla jakelukanavilla, yhteisty\u00f6kumppanien (TAMK, Tampereen yliopisto, Oamk) vastaavilla jakelukanavilla, joten t\u00f6iss\u00e4 k\u00e4ytetyn musiikin ja muun tekij\u00e4noikeudellisen materiaalin kaikki tekij\u00e4noikeustiedot on ilmoitettava ilmoittautumislomakkeessa.<\/li>\n<\/ul>\n\n\n\n<h2 class=\"wp-block-heading has-black-color has-text-color has-link-color wp-elements-86c6f02a9672011b9c734fa1aedcb994\"><strong>&nbsp;9. Esikarsinta<\/strong><\/h2>\n\n\n\n<ul class=\"wp-block-list\">\n<li class=\"has-black-color has-text-color has-link-color wp-elements-29970e1e2d886d258f8ec3567b6e43b5\">Radiofestivaali pid\u00e4tt\u00e4\u00e4 oikeuden esikarsintaan.<\/li>\n\n\n\n<li class=\"has-black-color has-text-color has-link-color wp-elements-bb4f36ba8f3c542ff3bc66fd916d2cb0\">Kilpailut\u00f6iden valinnan tekee esiraati, jonka osallistujat valitsee festivaalin j\u00e4rjest\u00e4j\u00e4t.<\/li>\n<\/ul>\n\n\n\n<h2 class=\"wp-block-heading has-black-color has-text-color has-link-color wp-elements-c9a1edecf4321ac7e1bb3628f5828a7d\"><strong>10. Kilpailut\u00f6iden hyv\u00e4ksyminen<\/strong><\/h2>\n\n\n\n<ul class=\"wp-block-list\">\n<li class=\"has-black-color has-text-color has-link-color wp-elements-7fb77a9605573ea5d33e9e29777bd322\">Kilpailuun hyv\u00e4ksymisest\u00e4 ilmoitetaan osallistujille erikseen.<\/li>\n\n\n\n<li class=\"has-black-color has-text-color has-link-color wp-elements-1387a90250c7be85b6974db2df4ddd86\">Kilpailusarjoihin hyv\u00e4ksytyt teokset ilmoitetaan festivaalin sivuilla viimeist\u00e4\u00e4n pe 10.4.2026.<\/li>\n<\/ul>\n\n\n\n<h2 class=\"wp-block-heading has-black-color has-text-color has-link-color wp-elements-08f0b25b1c4100110b8876a993b2723b\"><strong>11. S\u00e4\u00e4nt\u00f6jen tulkinta<\/strong><\/h2>\n\n\n\n<ul class=\"wp-block-list\">\n<li class=\"has-black-color has-text-color has-link-color wp-elements-f7f3d59dce11b4414006868418dafc1e\">J\u00e4rjest\u00e4j\u00e4 pid\u00e4tt\u00e4\u00e4 oikeudet muutoksiin.<\/li>\n\n\n\n<li class=\"has-black-color has-text-color has-link-color wp-elements-cbb63e6af0710bbd1d969752ad75f499\">Lis\u00e4tietoja kilpailus\u00e4\u00e4nn\u00f6ist\u00e4 saa Radiofestivaalin tuotannolta osoitteessa aanipolku@gmail.com.<\/li>\n<\/ul>\n","protected":false},"excerpt":{"rendered":"<p>1. Kilpailusarjat Opiskelijasarja Yleinen sarja 2. Kieli 3. Palkinnot 4. Tuomaristo ja t\u00f6iden kuuntelu 5. Osallistujam\u00e4\u00e4r\u00e4 6. Formaatit 7. Osallistuminen 8. Tekij\u00e4noikeudet &nbsp;9. Esikarsinta 10. Kilpailut\u00f6iden hyv\u00e4ksyminen 11. S\u00e4\u00e4nt\u00f6jen tulkinta<\/p>\n","protected":false},"author":1,"featured_media":0,"parent":38,"menu_order":0,"comment_status":"closed","ping_status":"closed","template":"","meta":{"footnotes":""},"class_list":["post-41","page","type-page","status-publish","hentry"],"_links":{"self":[{"href":"https:\/\/radiofestivaali.fi\/index.php?rest_route=\/wp\/v2\/pages\/41","targetHints":{"allow":["GET"]}}],"collection":[{"href":"https:\/\/radiofestivaali.fi\/index.php?rest_route=\/wp\/v2\/pages"}],"about":[{"href":"https:\/\/radiofestivaali.fi\/index.php?rest_route=\/wp\/v2\/types\/page"}],"author":[{"embeddable":true,"href":"https:\/\/radiofestivaali.fi\/index.php?rest_route=\/wp\/v2\/users\/1"}],"replies":[{"embeddable":true,"href":"https:\/\/radiofestivaali.fi\/index.php?rest_route=%2Fwp%2Fv2%2Fcomments&post=41"}],"version-history":[{"count":8,"href":"https:\/\/radiofestivaali.fi\/index.php?rest_route=\/wp\/v2\/pages\/41\/revisions"}],"predecessor-version":[{"id":1390,"href":"https:\/\/radiofestivaali.fi\/index.php?rest_route=\/wp\/v2\/pages\/41\/revisions\/1390"}],"up":[{"embeddable":true,"href":"https:\/\/radiofestivaali.fi\/index.php?rest_route=\/wp\/v2\/pages\/38"}],"wp:attachment":[{"href":"https:\/\/radiofestivaali.fi\/index.php?rest_route=%2Fwp%2Fv2%2Fmedia&parent=41"}],"curies":[{"name":"wp","href":"https:\/\/api.w.org\/{rel}","templated":true}]}}